{"id":388958,"date":"2026-01-24T23:31:08","date_gmt":"2026-01-24T22:31:08","guid":{"rendered":"https:\/\/korneliarataj.com\/?post_type=product&#038;p=388958"},"modified":"2026-04-28T14:28:30","modified_gmt":"2026-04-28T12:28:30","slug":"wave-gora-stroju-kapielowego-sunshine-2026","status":"publish","type":"product","link":"https:\/\/korneliarataj.com\/de\/produkt\/wave-gora-stroju-kapielowego-sunshine-2026\/","title":{"rendered":"Wave &#8211; g\u00f3ra stroju k\u0105pielowego Sunshine"},"content":{"rendered":"","protected":false},"excerpt":{"rendered":"<p style=\"text-align: left;\"><strong>OPTIONEN<\/strong><\/p>\n<p style=\"text-align: left;\"><a href=\"https:\/\/korneliarataj.com\/de\/produkt\/wave-gora-stroju-kapielowego-sky-blue-2026\/\" target=\"_blank\" rel=\"noopener noreferrer\"><img decoding=\"async\" src=\"https:\/\/korneliarataj.com\/wp-content\/uploads\/2026\/01\/2026-SKY-BLUE-WAVE-1.webp\" width=\"90px\" \/><\/a><a href=\"https:\/\/korneliarataj.com\/de\/produkt\/wave-gora-stroju-kapielowego-peachy-rose-2026\/\" target=\"_blank\" rel=\"noopener noreferrer\"><img decoding=\"async\" src=\"https:\/\/korneliarataj.com\/wp-content\/uploads\/2026\/01\/2026-PEACHY-ROSE-WAVE-1.webp\" width=\"90px\" \/><\/a><a href=\"https:\/\/korneliarataj.com\/de\/produkt\/wave-gora-stroju-kapielowego-burgundy-2026\/\" target=\"_blank\" rel=\"noopener noreferrer\"><img decoding=\"async\" src=\"https:\/\/korneliarataj.com\/wp-content\/uploads\/2026\/01\/2026-BURGUNDY-WAVE-1.webp\" width=\"90px\" \/><\/a><a href=\"https:\/\/korneliarataj.com\/de\/produkt\/wave-gora-stroju-kapielowego-black-2026\/\" target=\"_blank\" rel=\"noopener noreferrer\"><img decoding=\"async\" src=\"https:\/\/korneliarataj.com\/wp-content\/uploads\/2026\/01\/2026-BLACK-WAVE-1.webp\" width=\"90px\" \/><\/a><a href=\"https:\/\/korneliarataj.com\/de\/produkt\/wave-gora-stroju-kapielowego-coconut-2026\/\" target=\"_blank\" rel=\"noopener noreferrer\"><img decoding=\"async\" src=\"https:\/\/korneliarataj.com\/wp-content\/uploads\/2026\/01\/2026-COCONUT-WAVE-1.webp\" width=\"90px\" \/><\/a><a href=\"https:\/\/korneliarataj.com\/de\/produkt\/wave-gora-stroju-kapielowego-wood-2026\/\" target=\"_blank\" rel=\"noopener noreferrer\"><img decoding=\"async\" src=\"https:\/\/korneliarataj.com\/wp-content\/uploads\/2026\/01\/2026-WOOD-WAVE-1.webp\" width=\"90px\" \/><\/a><a href=\"https:\/\/korneliarataj.com\/de\/produkt\/wave-gora-stroju-kapielowego-sunset-2026\/\" target=\"_blank\" rel=\"noopener noreferrer\"><img decoding=\"async\" src=\"https:\/\/korneliarataj.com\/wp-content\/uploads\/2026\/01\/2026-SUNSET-WAVE-1.webp\" width=\"90px\" \/><\/a><\/p>\n<p style=\"text-align: left;\"><strong><u><\/p>\n<div class=\"kr-collapse is-noarrow\" data-rel=\"opis\">\n    <button type=\"button\" class=\"kr-collapse__trigger\"\n      aria-expanded=\"false\"\n      aria-controls=\"kr-exp-1\"><br \/>\n      OPIS PRODUKTU<br \/>\n    <\/button><\/p>\n<div id=\"kr-exp-1\" class=\"kr-collapse__panel\" hidden>\n<div class=\"kr-collapse__content\"><\/u><\/strong><\/p>\n<p style=\"text-align: left;\"><u><strong>Wave- g\u00f3ra stroju k\u0105pielowego<\/strong><\/u><\/p>\n<p style=\"text-align: left;\"><strong>G\u00f3ra stroju k\u0105pielowego WAVE to elegancki model z fiszbin\u0105 \u0142\u0105czon\u0105, kt\u00f3ra subtelnie modeluje biust i zapewnia stabilne podtrzymanie<\/strong>. Konstrukcja fiszbiny zbiera biust i nadaje mu naturalny kszta\u0142t, zachowuj\u0105c komfort noszenia niezale\u017cnie od rozmiaru.<\/p>\n<p style=\"text-align: left;\">Ten biustonosz k\u0105pielowy zosta\u0142 zaprojektowany z my\u015bl\u0105 o r\u00f3\u017cnych typach sylwetek. Regulowane rami\u0105czka z eleganckimi, z\u0142otymi regulatorami z sygnatur\u0105 \u201eKR\u201d pozwalaj\u0105 na precyzyjne dopasowanie, a z\u0142ote zapi\u0119cie na plecach zapewnia wygod\u0119 i stabilno\u015b\u0107. Odpowiednia konstrukcja oraz gramatura materia\u0142u gwarantuj\u0105 komfort noszenia zar\u00f3wno na pla\u017cy, jak i na basenie.<\/p>\n<p style=\"text-align: left;\">Model WAVE sprawdzi si\u0119 przy ma\u0142ym biu\u015bcie, kt\u00f3ry optycznie eksponuje, jak i przy du\u017cym oraz bardzo du\u017cym biu\u015bcie, gdzie fiszbina \u0142\u0105czona oraz stabilne rami\u0105czka zapewniaj\u0105 dobre podtrzymanie i wygod\u0119 przez ca\u0142y dzie\u0144. To uniwersalna g\u00f3ra stroju k\u0105pielowego damska, \u0142\u0105cz\u0105ca funkcjonalno\u015b\u0107, estetyk\u0119 i wysok\u0105 jako\u015b\u0107 wykonania.<\/p>\n<p>&nbsp;<\/p>\n<p style=\"text-align: left;\"><strong>Hochwertige Materialien<\/strong><\/p>\n<p style=\"text-align: left;\">Der Badeanzug ist aus hochwertigem Lycra gefertigt <strong>econyl<\/strong><strong class=\"copyright\">\u24c7<\/strong>recycelte Materialien, die den h\u00f6chsten Qualit\u00e4tsstandards entsprechen, einschlie\u00dflich zertifizierter <strong>OEKO-TEX Standard 100<\/strong>. Das Material ist gekennzeichnet durch:<br \/>\n\u2013 <strong>Schutz vor UV-Strahlung<\/strong>,<br \/>\n\u2013 <strong>bi-direktionale Flexibilit\u00e4t<\/strong>das f\u00fcr Komfort sorgt,<br \/>\n\u2013 <strong>resistent gegen Chlor und Ausbleichen<\/strong>,<br \/>\n\u2013 <strong>Nachhaltigkeit<\/strong>selbst bei Kontakt mit \u00d6len und Sonnencremes,<br \/>\n\u2013 <strong>\u00f6kologischer Produktionsprozess<\/strong> - recycelte Faser<\/p>\n<p>&nbsp;<\/p>\n<p style=\"text-align: left;\"><strong>\u00c4sthetik und Komfort bis ins Detail<\/strong><\/p>\n<p style=\"text-align: left;\">Jedes Detail wurde im Hinblick auf Ihren Komfort entwickelt:<\/p>\n<p>\u2013 <strong>Die Badebekleidung wird in zwei Lagen gen\u00e4ht<\/strong>Sie bieten Komfort und eine angemessene Abdeckung.<br \/>\n\u2013 <strong>Versteckte N\u00e4hte<\/strong> bieten au\u00dfergew\u00f6hnlichen Tragekomfort.<br \/>\n\u2013 <strong>Hei\u00dfsiegelbares Etikett<\/strong> garantiert Genuss.<\/p>\n<p style=\"text-align: left;\"><strong>Lokale Produktion - gen\u00e4ht in Polen<\/strong><\/p>\n<p style=\"text-align: left;\">Unsere Bademode wird in unserer Familienwerkstatt in Czernica mit viel Liebe zum Detail hergestellt. Die Produkte zeichnen sich durch ihre sorgf\u00e4ltige Verarbeitung, Langlebigkeit und \u00c4sthetik aus, die von unseren Kunden gesch\u00e4tzt werden.<\/p>\n<\/div><\/div>\n<\/p><\/div>\n<p style=\"text-align: left;\"><strong><u><\/p>\n<div class=\"kr-collapse is-noarrow\" data-rel=\"wymiary\">\n    <button type=\"button\" class=\"kr-collapse__trigger\"\n      aria-expanded=\"false\"\n      aria-controls=\"kr-exp-2\"><br \/>\n      MODELLABMESSUNGEN<br \/>\n    <\/button><\/p>\n<div id=\"kr-exp-2\" class=\"kr-collapse__panel\" hidden>\n<div class=\"kr-collapse__content\"><\/u><\/strong><\/p>\n<p style=\"text-align: left;\">Modelka ma na sobie rozmiar S<br \/>\nObw\u00f3d w biu\u015bcie: 84 cm<br \/>\nUmfang unter der B\u00fcste: 72 cm<br \/>\nMiseczka: A<br \/>\nObw\u00f3d w talii: 64 cm<br \/>\nObw\u00f3d w biodrach: 92 cm<br \/>\nWzrost: 170 cm<\/p>\n<\/div><\/div>\n<\/p><\/div>\n<p style=\"text-align: left;\"><strong><u><\/p>\n<div class=\"kr-collapse is-noarrow\" data-rel=\"kolor\">\n    <button type=\"button\" class=\"kr-collapse__trigger\"\n      aria-expanded=\"false\"\n      aria-controls=\"kr-exp-3\"><br \/>\n      FARBBESCHREIBUNG<br \/>\n    <\/button><\/p>\n<div id=\"kr-exp-3\" class=\"kr-collapse__panel\" hidden>\n<div class=\"kr-collapse__content\"><\/u><\/strong><\/p>\n<p style=\"text-align: left;\"><strong><a href=\"https:\/\/korneliarataj.com\/de\/kolor-sunshine\/\" target=\"_blank\" rel=\"noopener noreferrer\"><u>Farbe SUNSHINE<\/u><\/a> &#8211; Promienny odcie\u0144 na lato<\/strong>.<br \/>\n<strong>Badeanzug in Pastellgelb<\/strong>inspiriert vom Glanz der Morgensonne, ist die perfekte Wahl f\u00fcr den Sommer. Dieser warme, dezente Farbton strahlt Optimismus und Frische aus und ist perfekt f\u00fcr alle Hauttypen - von blassem Porzellan \u00fcber olivfarbenen bis hin zu dunkleren Teints - und unterstreicht Ihre nat\u00fcrliche Sch\u00f6nheit.<br \/>\n\u2013 <strong>Heller, porzellanartiger Teint<\/strong>: Erhellt die Haut, bricht k\u00fchle T\u00f6ne auf und verleiht ihr ein gesundes Strahlen.<br \/>\n\u2013 <strong>Olivenfarbener Teint<\/strong>: Verst\u00e4rkt warme Hautt\u00f6ne, verleiht Harmonie und ein nat\u00fcrliches Strahlen.<br \/>\n\u2013 <strong>Dunklere Haut<\/strong>Erzeugt einen Kontrast, der die Tiefe der Haut hervorhebt und dem Stil einen einzigartigen Charakter verleiht.<br \/>\n<strong>Bademode in einem zarten Gelbton<\/strong> ist eine Wahl, die jedem Urlaubslook eine leichte und verspielte Note verleiht. Sowohl einteilige Badeanz\u00fcge als auch Bikinis in dieser Farbe lassen jede Silhouette frisch und strahlend aussehen.<br \/>\n<strong>Warum einen sonnengelben Badeanzug w\u00e4hlen?<\/strong><br \/>\nTo idealny wyb\u00f3r na lato, kt\u00f3ry \u0142\u0105czy subteln\u0105 kobieco\u015b\u0107 z radosnym i promiennym stylem.<\/div>\n<\/p><\/div>\n<\/p><\/div>\n<\/p>\n<p style=\"text-align: left;\"><strong><u><\/p>\n<div class=\"kr-collapse is-noarrow\" data-rel=\"sklad\">\n    <button type=\"button\" class=\"kr-collapse__trigger\"\n      aria-expanded=\"false\"\n      aria-controls=\"kr-exp-4\"><br \/>\n      ZUSAMMENSETZUNG UND PFLEGEHINWEISE<br \/>\n    <\/button><\/p>\n<div id=\"kr-exp-4\" class=\"kr-collapse__panel\" hidden>\n<div class=\"kr-collapse__content\"><\/u><\/strong><\/p>\n<p style=\"text-align: left;\">78% recyceltes Polyamid<br \/>\n22% Elastan<br \/>\nSchonwaschgang bei 30\u00b0c mit \u00e4hnlichen Farben<br \/>\nHandw\u00e4sche, mit \u00e4hnlichen Farben<br \/>\nEisen bei max. 110\u00b0c<br \/>\nnicht bleichen<br \/>\nnicht im Trockner trocknen<\/p>\n<\/div><\/div>\n<\/p><\/div>","protected":false},"featured_media":388867,"template":"","meta":[],"product_brand":[500],"product_cat":[537,525,572,561,513,652,651],"product_tag":[510],"class_list":{"0":"post-388958","1":"product","2":"type-product","3":"status-publish","4":"has-post-thumbnail","6":"product_brand-korneliarataj","7":"product_cat-dwuczesciowe-swimwear","8":"product_cat-gora-swimwear","9":"product_cat-kategorie-swimwear","10":"product_cat-kolory-swimwear","11":"product_cat-sunshine-swimwear","12":"product_cat-swimwear-2026","13":"product_cat-worek-free","14":"product_tag-sunshine","15":"flv-has-gallery","17":"first","18":"instock","19":"taxable","20":"shipping-taxable","21":"purchasable","22":"product-type-variable","23":"has-default-attributes"},"yoast_head":"<!-- This site is optimized with the Yoast SEO plugin v27.4 - https:\/\/yoast.com\/product\/yoast-seo-wordpress\/ -->\n<title>Wave - g\u00f3ra stroju k\u0105pielowego Sunshine - KORNELIARATAJ<\/title>\n<meta name=\"description\" content=\"Kornelia Rataj. Minimalist Women&#039;s Collection, Basic, Swimwear. HANDMADE IN POLAND WITH LOVE.\" \/>\n<meta name=\"robots\" content=\"index, follow, max-snippet:-1, max-image-preview:large, max-video-preview:-1\" \/>\n<link rel=\"canonical\" href=\"https:\/\/korneliarataj.com\/de\/produkt\/wave-gora-stroju-kapielowego-sunshine-2026\/\" \/>\n<meta property=\"og:locale\" content=\"de_DE\" \/>\n<meta property=\"og:type\" content=\"article\" \/>\n<meta property=\"og:title\" content=\"Wave - g\u00f3ra stroju k\u0105pielowego Sunshine - KORNELIARATAJ\" \/>\n<meta property=\"og:description\" content=\"Kornelia Rataj. Minimalist Women&#039;s Collection, Basic, Swimwear. HANDMADE IN POLAND WITH LOVE.\" \/>\n<meta property=\"og:url\" content=\"https:\/\/korneliarataj.com\/de\/produkt\/wave-gora-stroju-kapielowego-sunshine-2026\/\" \/>\n<meta property=\"og:site_name\" content=\"KORNELIARATAJ\" \/>\n<meta property=\"article:publisher\" content=\"http:\/\/www.facebook.com\/korneliaratajshop\" \/>\n<meta property=\"article:modified_time\" content=\"2026-04-28T12:28:30+00:00\" \/>\n<meta property=\"og:image\" content=\"https:\/\/korneliarataj.com\/wp-content\/uploads\/2026\/01\/2026-SUNSHINE-WAVE-1-scaled.webp\" \/>\n\t<meta property=\"og:image:width\" content=\"1707\" \/>\n\t<meta property=\"og:image:height\" content=\"2560\" \/>\n\t<meta property=\"og:image:type\" content=\"image\/webp\" \/>\n<meta name=\"twitter:card\" content=\"summary_large_image\" \/>\n<meta name=\"twitter:label1\" content=\"Gesch\u00e4tzte Lesezeit\" \/>\n\t<meta name=\"twitter:data1\" content=\"1\u00a0Minute\" \/>\n<script type=\"application\/ld+json\" class=\"yoast-schema-graph\">{\"@context\":\"https:\\\/\\\/schema.org\",\"@graph\":[{\"@type\":\"WebPage\",\"@id\":\"https:\\\/\\\/korneliarataj.com\\\/produkt\\\/wave-gora-stroju-kapielowego-sunshine-2026\\\/\",\"url\":\"https:\\\/\\\/korneliarataj.com\\\/produkt\\\/wave-gora-stroju-kapielowego-sunshine-2026\\\/\",\"name\":\"Wave - g\u00f3ra stroju k\u0105pielowego Sunshine - KORNELIARATAJ\",\"isPartOf\":{\"@id\":\"https:\\\/\\\/korneliarataj.com\\\/#website\"},\"primaryImageOfPage\":{\"@id\":\"https:\\\/\\\/korneliarataj.com\\\/produkt\\\/wave-gora-stroju-kapielowego-sunshine-2026\\\/#primaryimage\"},\"image\":{\"@id\":\"https:\\\/\\\/korneliarataj.com\\\/produkt\\\/wave-gora-stroju-kapielowego-sunshine-2026\\\/#primaryimage\"},\"thumbnailUrl\":\"https:\\\/\\\/korneliarataj.com\\\/wp-content\\\/uploads\\\/2026\\\/01\\\/2026-SUNSHINE-WAVE-1-scaled.webp\",\"datePublished\":\"2026-01-24T22:31:08+00:00\",\"dateModified\":\"2026-04-28T12:28:30+00:00\",\"description\":\"Kornelia Rataj. Minimalist Women's Collection, Basic, Swimwear. HANDMADE IN POLAND WITH LOVE.\",\"breadcrumb\":{\"@id\":\"https:\\\/\\\/korneliarataj.com\\\/produkt\\\/wave-gora-stroju-kapielowego-sunshine-2026\\\/#breadcrumb\"},\"inLanguage\":\"de\",\"potentialAction\":[{\"@type\":\"ReadAction\",\"target\":[\"https:\\\/\\\/korneliarataj.com\\\/produkt\\\/wave-gora-stroju-kapielowego-sunshine-2026\\\/\"]}]},{\"@type\":\"ImageObject\",\"inLanguage\":\"de\",\"@id\":\"https:\\\/\\\/korneliarataj.com\\\/produkt\\\/wave-gora-stroju-kapielowego-sunshine-2026\\\/#primaryimage\",\"url\":\"https:\\\/\\\/korneliarataj.com\\\/wp-content\\\/uploads\\\/2026\\\/01\\\/2026-SUNSHINE-WAVE-1-scaled.webp\",\"contentUrl\":\"https:\\\/\\\/korneliarataj.com\\\/wp-content\\\/uploads\\\/2026\\\/01\\\/2026-SUNSHINE-WAVE-1-scaled.webp\",\"width\":1707,\"height\":2560,\"caption\":\"Wave - gora stroju kapielowego Sunshine\"},{\"@type\":\"BreadcrumbList\",\"@id\":\"https:\\\/\\\/korneliarataj.com\\\/produkt\\\/wave-gora-stroju-kapielowego-sunshine-2026\\\/#breadcrumb\",\"itemListElement\":[{\"@type\":\"ListItem\",\"position\":1,\"name\":\"HOME\",\"item\":\"https:\\\/\\\/korneliarataj.com\\\/\"},{\"@type\":\"ListItem\",\"position\":2,\"name\":\"Products\",\"item\":\"https:\\\/\\\/korneliarataj.com\\\/en\\\/shop\\\/\"},{\"@type\":\"ListItem\",\"position\":3,\"name\":\"Wave &#8211; g\u00f3ra stroju k\u0105pielowego Sunshine\"}]},{\"@type\":\"WebSite\",\"@id\":\"https:\\\/\\\/korneliarataj.com\\\/#website\",\"url\":\"https:\\\/\\\/korneliarataj.com\\\/\",\"name\":\"Stroje K\u0105pielowe i Odzie\u017c Lniana Sklep Kornelia Rataj\",\"description\":\"swimwear stroje k\u0105pielowe ubrania len lniane\",\"publisher\":{\"@id\":\"https:\\\/\\\/korneliarataj.com\\\/#organization\"},\"potentialAction\":[{\"@type\":\"SearchAction\",\"target\":{\"@type\":\"EntryPoint\",\"urlTemplate\":\"https:\\\/\\\/korneliarataj.com\\\/?s={search_term_string}\"},\"query-input\":{\"@type\":\"PropertyValueSpecification\",\"valueRequired\":true,\"valueName\":\"search_term_string\"}}],\"inLanguage\":\"de\"},{\"@type\":\"Organization\",\"@id\":\"https:\\\/\\\/korneliarataj.com\\\/#organization\",\"name\":\"KORNELIARATAJ\",\"url\":\"https:\\\/\\\/korneliarataj.com\\\/\",\"logo\":{\"@type\":\"ImageObject\",\"inLanguage\":\"de\",\"@id\":\"https:\\\/\\\/korneliarataj.com\\\/#\\\/schema\\\/logo\\\/image\\\/\",\"url\":\"https:\\\/\\\/korneliarataj.com\\\/wp-content\\\/uploads\\\/2020\\\/07\\\/LOGO-KR.svg\",\"contentUrl\":\"https:\\\/\\\/korneliarataj.com\\\/wp-content\\\/uploads\\\/2020\\\/07\\\/LOGO-KR.svg\",\"width\":1024,\"height\":1024,\"caption\":\"KORNELIARATAJ\"},\"image\":{\"@id\":\"https:\\\/\\\/korneliarataj.com\\\/#\\\/schema\\\/logo\\\/image\\\/\"},\"sameAs\":[\"http:\\\/\\\/www.facebook.com\\\/korneliaratajshop\",\"http:\\\/\\\/www.instagram.com\\\/korneliarataj\"]}]}<\/script>\n<!-- \/ Yoast SEO plugin. -->","yoast_head_json":{"title":"Wave - g\u00f3ra stroju k\u0105pielowego Sunshine - KORNELIARATAJ","description":"Kornelia Rataj. Minimalistische Damenkollektion, Basic, Bademode. HANDGEMACHT IN POLEN MIT LIEBE.","robots":{"index":"index","follow":"follow","max-snippet":"max-snippet:-1","max-image-preview":"max-image-preview:large","max-video-preview":"max-video-preview:-1"},"canonical":"https:\/\/korneliarataj.com\/de\/produkt\/wave-gora-stroju-kapielowego-sunshine-2026\/","og_locale":"de_DE","og_type":"article","og_title":"Wave - g\u00f3ra stroju k\u0105pielowego Sunshine - KORNELIARATAJ","og_description":"Kornelia Rataj. Minimalist Women's Collection, Basic, Swimwear. HANDMADE IN POLAND WITH LOVE.","og_url":"https:\/\/korneliarataj.com\/de\/produkt\/wave-gora-stroju-kapielowego-sunshine-2026\/","og_site_name":"KORNELIARATAJ","article_publisher":"http:\/\/www.facebook.com\/korneliaratajshop","article_modified_time":"2026-04-28T12:28:30+00:00","og_image":[{"width":1707,"height":2560,"url":"https:\/\/korneliarataj.com\/wp-content\/uploads\/2026\/01\/2026-SUNSHINE-WAVE-1-scaled.webp","type":"image\/webp"}],"twitter_card":"summary_large_image","twitter_misc":{"Gesch\u00e4tzte Lesezeit":"1\u00a0Minute"},"schema":{"@context":"https:\/\/schema.org","@graph":[{"@type":"WebPage","@id":"https:\/\/korneliarataj.com\/produkt\/wave-gora-stroju-kapielowego-sunshine-2026\/","url":"https:\/\/korneliarataj.com\/produkt\/wave-gora-stroju-kapielowego-sunshine-2026\/","name":"Wave - g\u00f3ra stroju k\u0105pielowego Sunshine - KORNELIARATAJ","isPartOf":{"@id":"https:\/\/korneliarataj.com\/#website"},"primaryImageOfPage":{"@id":"https:\/\/korneliarataj.com\/produkt\/wave-gora-stroju-kapielowego-sunshine-2026\/#primaryimage"},"image":{"@id":"https:\/\/korneliarataj.com\/produkt\/wave-gora-stroju-kapielowego-sunshine-2026\/#primaryimage"},"thumbnailUrl":"https:\/\/korneliarataj.com\/wp-content\/uploads\/2026\/01\/2026-SUNSHINE-WAVE-1-scaled.webp","datePublished":"2026-01-24T22:31:08+00:00","dateModified":"2026-04-28T12:28:30+00:00","description":"Kornelia Rataj. Minimalistische Damenkollektion, Basic, Bademode. HANDGEMACHT IN POLEN MIT LIEBE.","breadcrumb":{"@id":"https:\/\/korneliarataj.com\/produkt\/wave-gora-stroju-kapielowego-sunshine-2026\/#breadcrumb"},"inLanguage":"de","potentialAction":[{"@type":"ReadAction","target":["https:\/\/korneliarataj.com\/produkt\/wave-gora-stroju-kapielowego-sunshine-2026\/"]}]},{"@type":"ImageObject","inLanguage":"de","@id":"https:\/\/korneliarataj.com\/produkt\/wave-gora-stroju-kapielowego-sunshine-2026\/#primaryimage","url":"https:\/\/korneliarataj.com\/wp-content\/uploads\/2026\/01\/2026-SUNSHINE-WAVE-1-scaled.webp","contentUrl":"https:\/\/korneliarataj.com\/wp-content\/uploads\/2026\/01\/2026-SUNSHINE-WAVE-1-scaled.webp","width":1707,"height":2560,"caption":"Wave - gora stroju kapielowego Sunshine"},{"@type":"BreadcrumbList","@id":"https:\/\/korneliarataj.com\/produkt\/wave-gora-stroju-kapielowego-sunshine-2026\/#breadcrumb","itemListElement":[{"@type":"ListItem","position":1,"name":"HOME","item":"https:\/\/korneliarataj.com\/"},{"@type":"ListItem","position":2,"name":"Products","item":"https:\/\/korneliarataj.com\/en\/shop\/"},{"@type":"ListItem","position":3,"name":"Wave &#8211; g\u00f3ra stroju k\u0105pielowego Sunshine"}]},{"@type":"WebSite","@id":"https:\/\/korneliarataj.com\/#website","url":"https:\/\/korneliarataj.com\/","name":"Bademode und Leinenbekleidung Shop Kornelia Rataj","description":"badebekleidung badebekleidung leinen leinenbekleidung","publisher":{"@id":"https:\/\/korneliarataj.com\/#organization"},"potentialAction":[{"@type":"SearchAction","target":{"@type":"EntryPoint","urlTemplate":"https:\/\/korneliarataj.com\/?s={search_term_string}"},"query-input":{"@type":"PropertyValueSpecification","valueRequired":true,"valueName":"search_term_string"}}],"inLanguage":"de"},{"@type":"Organization","@id":"https:\/\/korneliarataj.com\/#organization","name":"KORNELIARATAJ","url":"https:\/\/korneliarataj.com\/","logo":{"@type":"ImageObject","inLanguage":"de","@id":"https:\/\/korneliarataj.com\/#\/schema\/logo\/image\/","url":"https:\/\/korneliarataj.com\/wp-content\/uploads\/2020\/07\/LOGO-KR.svg","contentUrl":"https:\/\/korneliarataj.com\/wp-content\/uploads\/2020\/07\/LOGO-KR.svg","width":1024,"height":1024,"caption":"KORNELIARATAJ"},"image":{"@id":"https:\/\/korneliarataj.com\/#\/schema\/logo\/image\/"},"sameAs":["http:\/\/www.facebook.com\/korneliaratajshop","http:\/\/www.instagram.com\/korneliarataj"]}]}},"_links":{"self":[{"href":"https:\/\/korneliarataj.com\/de\/wp-json\/wp\/v2\/product\/388958","targetHints":{"allow":["GET"]}}],"collection":[{"href":"https:\/\/korneliarataj.com\/de\/wp-json\/wp\/v2\/product"}],"about":[{"href":"https:\/\/korneliarataj.com\/de\/wp-json\/wp\/v2\/types\/product"}],"wp:featuredmedia":[{"embeddable":true,"href":"https:\/\/korneliarataj.com\/de\/wp-json\/wp\/v2\/media\/388867"}],"wp:attachment":[{"href":"https:\/\/korneliarataj.com\/de\/wp-json\/wp\/v2\/media?parent=388958"}],"wp:term":[{"taxonomy":"product_brand","embeddable":true,"href":"https:\/\/korneliarataj.com\/de\/wp-json\/wp\/v2\/product_brand?post=388958"},{"taxonomy":"product_cat","embeddable":true,"href":"https:\/\/korneliarataj.com\/de\/wp-json\/wp\/v2\/product_cat?post=388958"},{"taxonomy":"product_tag","embeddable":true,"href":"https:\/\/korneliarataj.com\/de\/wp-json\/wp\/v2\/product_tag?post=388958"}],"curies":[{"name":"wp","href":"https:\/\/api.w.org\/{rel}","templated":true}]}}